{"id":503,"date":"2022-02-04T00:12:45","date_gmt":"2022-02-03T23:12:45","guid":{"rendered":"https:\/\/www.uddm.edu.ne\/?page_id=503"},"modified":"2024-11-25T11:44:43","modified_gmt":"2024-11-25T11:44:43","slug":"iut","status":"publish","type":"page","link":"https:\/\/www.uddm.edu.ne\/index.php\/iut\/","title":{"rendered":"ECOLE SUPERIEURE POLYTECHNIQUE (POLYTECH Maradi)"},"content":{"rendered":"<div class=\"su-divider su-divider-style-default\" style=\"margin:10px 0;border-width:0px;border-color:#466711\"><\/div><div class=\"su-row\"><div class=\"su-column su-column-size-2-3\"><div class=\"su-column-inner su-u-clearfix su-u-trim\">\n<p style=\"text-align: justify;\"><span style=\"font-family: arial, helvetica, sans-serif;\"><img decoding=\"async\" class=\"size-medium wp-image-376 aligncenter\" style=\"margin-top: 0px;\" src=\"https:\/\/www.uddm.edu.ne\/wp-content\/uploads\/2024\/11\/PolytechLogo.jpg\" alt=\"\" \/><\/span>Pour r\u00e9pondre au besoin de formation des cadres faisant la jonction entre la conception et l\u2019ex\u00e9cution des t\u00e2ches dans le milieu professionnel, les autorit\u00e9s nig\u00e9riennes en charge de l\u2019enseignement sup\u00e9rieur ont cr\u00e9\u00e9 en ao\u00fbt 2006 l\u2019Institut Universitaire de Technologie (IUT) de Maradi qui apr\u00e8s est devenu une composante de l\u2019Universit\u00e9 de Maradi.<\/p>\n<p style=\"text-align: justify;\">La mission assign\u00e9e \u00e0 l\u2019IUT \u00e9tait de former des techniciens sup\u00e9rieurs (Bac+2) capables de r\u00e9pondre aux exigences li\u00e9es au d\u00e9veloppement \u00e9conomique et industriel du pays.<\/p>\n<p style=\"text-align: justify;\">L\u2019\u00e9volution technologique et les besoins du march\u00e9 de l\u2019emploi ont conduit le minist\u00e8re en charge de l\u2019enseignement sup\u00e9rieur \u00e0 engager des r\u00e9formes dans ce secteur. C\u2019est ainsi qu\u2019en janvier 2024 par arr\u00eat\u00e9 N\u00b0008\/MESR\/IT\/DGE-UDDM\/DL, l\u2019IUT est devenu Ecole Sup\u00e9rieure Polytechnique en abr\u00e9g\u00e9 \u00ab POLYTECH Maradi \u00bb.<\/p>\n<p style=\"text-align: justify;\">POLYTECH Maradi poursuit une mission d\u2019int\u00e9r\u00eat de service public \u00e0 travers la formation professionnelle, l\u2019enseignement scientifique et technologique, la recherche et l\u2019innovation technologique.<br \/>\nA ce titre, elle est notamment charg\u00e9e :<\/p>\n<ul>\n<li style=\"text-align: justify;\">de la formation initiale des techniciens sup\u00e9rieurs (BAC+2), des cycles de licences, Ing\u00e9nieur niveau Master et Doctorat ;<\/li>\n<li style=\"text-align: justify;\">de la formation continue et le perfectionnement des cadres en activit\u00e9s ;<\/li>\n<li style=\"text-align: justify;\">du d\u00e9veloppement de la recherche et de l\u2019innovation technologique dans ses domaines de comp\u00e9tences, en liaison avec d\u2019autres organismes de recherche et avec le monde professionnel.<\/li>\n<\/ul>\n<p><strong>POLYTECH Maradi<\/strong> peut \u00e9galement mener des activit\u00e9s d\u2019expertises pour les organisations publiques et priv\u00e9es, de valorisation et de transfert technologique.<\/p>\n<p>De deux fili\u00e8res au d\u00e9part \u00e0 savoir G\u00e9nie Civil, G\u00e9nie Electrique, aujourd\u2019hui POLYTECH Maradi propose une gamme vari\u00e9e d\u2019offres et de niveaux de formations.<\/p>\n<p>C\u2019est ainsi qu\u2019\u00e0 partir de la rentr\u00e9e Universitaire 2024-2025 et de mani\u00e8re progressive, nos offres de formation se pr\u00e9sentent :<\/p>\n<p><span style=\"font-size: 14pt;\"><strong>I. DIPLOME UNIVERSITAIRE DE TECHNOLOGIE (DUT)<\/strong><\/span><br \/>\n<strong>Entr\u00e9e :<\/strong> <em>Baccalaur\u00e9at Scientifique, Technique, Professionnel<\/em><br \/>\n<strong>Dur\u00e9e : Quatre (04) semestres<\/strong><br \/>\nCe dispositif permet aux titulaires d\u2019un bac professionnel, technique, ou scientifique de suivre une formation de technicien sup\u00e9rieur dans une des fili\u00e8res suivantes :<br \/>\ni. GENIE CIVIL<br \/>\nii. GENIE ELECTRIQUE<br \/>\niii. GENIE MECANIQUE<br \/>\niv. MECANIQUE ET REPARATION AUTO<br \/>\nv. CHAUDRONNERIE<br \/>\nvi. FROID ET CONDITIONNEMENT D\u2019AIR<br \/>\nvii. MAINTENANCE INDUSTRIELLE<br \/>\nUn seul redoublement est autoris\u00e9.<\/p>\n<p><span style=\"font-size: 14pt;\"><strong>II. LICENCE PROFESSIONNELLE<\/strong> <\/span><\/p>\n<p><span style=\"font-size: 12pt;\"><strong>II.1. Entr\u00e9e :<\/strong> <em>DUT, BTS d\u2019ETAT ou tout dipl\u00f4me jug\u00e9 acad\u00e9miquement \u00e9quivalent.<\/em><\/span><\/p>\n<p><strong>Dur\u00e9e : S5 et S6 (1 an)<\/strong><br \/>\nLes formations propos\u00e9es sont :<br \/>\ni. BATIMENT ET TRAVAUX PUBLICS<br \/>\nii. OUVRAGES HYDRAULIQUES ET ASSAINISSEMENT<br \/>\niii. GENIE ELECTRIQUE<br \/>\niv. ELECTROMECANIQUE<br \/>\nv. ENERGETIQUE<br \/>\nvi. CONCEPTION ET REALISATION EN CHAUDRONNERIE INDUSTRIELLE<br \/>\nvii. FROID ET CONDITIONNEMENT D\u2019AIR<\/p>\n<p><span style=\"font-size: 12pt;\"><strong>II.2. Entr\u00e9e :<\/strong> <em>Baccalaur\u00e9at Scientifique, Technique ou Professionnel<\/em><\/span><\/p>\n<p><strong>Dur\u00e9e : S1 \u00e0 S6 (3 ans)<\/strong><br \/>\nLes formations propos\u00e9es sont :<br \/>\ni. DEVELOPPEMENT ET ADMINISTRATION DES APPLICATIONS<br \/>\nii. RESEAUX ET SYSTEMES<br \/>\niii. AUTOMATIQUE ET INFORMATIQUE INDUSTRIELLE<\/p>\n<p style=\"text-align: justify;\"><span style=\"font-size: 14pt;\"><strong>III. CLASSE PREPA POLYTECH Maradi (CPPM)<\/strong><\/span><br \/>\n<strong>Entr\u00e9e :<\/strong> <em>Baccalaur\u00e9at Scientifique ou Technique ou tout autre titre jug\u00e9 acad\u00e9miquement \u00e9quivalent<\/em>.<br \/>\n<strong>Dur\u00e9e : Quatre (04) semestres<\/strong><br \/>\nLe recrutement se fait par voie de concours. Tous les enseignements (CM, TD, TP, Visites, \u2026) sont obligatoires.<br \/>\nUn seul redoublement est autoris\u00e9 dans le cycle.<\/p>\n<p style=\"text-align: justify;\">C\u2019est un tronc commun qui vise \u00e0 pr\u00e9parer les \u00e9tudiants au cycle ing\u00e9nieur en leur donnant une formation scientifique fondamentale (Maths, Physique, Chimie, Informatique, \u2026) compl\u00e9t\u00e9e par des enseignements tourn\u00e9s vers le m\u00e9tier d\u2019ing\u00e9nieur (Dessin industriel, Anglais technique, Technique de communication, DAO, CAO, &#8230;).<br \/>\nLa validation du cycle pr\u00e9paratoire donne un acc\u00e8s direct au cycle d\u2019ing\u00e9nieur de l\u2019une des sp\u00e9cialit\u00e9s de POLYTECH Maradi.<\/p>\n<p style=\"text-align: justify;\"><span style=\"font-size: 14pt;\"><strong>IV. CYCLE INGENIEUR<\/strong><\/span><br \/>\n<strong>Entr\u00e9e :<\/strong> <em>Par validation de la classe pr\u00e9pa ou Licence via concours<\/em><br \/>\n<strong>Dur\u00e9e : S5 \u00e0 S10 (3 ans)<\/strong><br \/>\nCe cycle vise \u00e0 former des ing\u00e9nieurs dans les sp\u00e9cialit\u00e9s suivantes : Ponts et Chauss\u00e9es, B\u00e2timent, Am\u00e9nagement et Equipements Ruraux, G\u00e9nie Electrique, Automatique et Informatique Industrielle, Big Data et Intelligence Artificielle, S\u00e9curit\u00e9 des R\u00e9seaux et Syst\u00e8mes, G\u00e9nie Industriel, Conception et Fabrication M\u00e9canique, Electrom\u00e9canique, Thermique et Energ\u00e9tique.<\/p>\n<p style=\"text-align: justify;\">Dans chacune de ces sp\u00e9cialit\u00e9s, la formation est organis\u00e9e en six (06) semestres (S5 \u00e0 S10) de 30 cr\u00e9dits chacun.<\/p>\n<ul>\n<li style=\"text-align: justify;\">Deux types d\u2019admission sont possibles en 1\u00e8re ann\u00e9e du cycle ing\u00e9nieur (CING1) dans l\u2019une des sp\u00e9cialit\u00e9s :\n<ul style=\"list-style-type: circle;\">\n<li style=\"text-align: justify;\">L\u2019admission directe apr\u00e8s la validation du cycle Pr\u00e9paratoire de POLYTECH Maradi ;<\/li>\n<li style=\"text-align: justify;\">L\u2019admission par voie de concours pour les \u00e9tudiants titulaires d\u2019une Licence (ou tout titre jug\u00e9 acad\u00e9miquement \u00e9quivalent) en lien avec les sp\u00e9cialit\u00e9s offertes.<\/li>\n<\/ul>\n<\/li>\n<li>Peut s\u2019inscrire en 2\u00e8me Ann\u00e9e du cycle d\u2019ing\u00e9nieur (CING2), le candidat ayant valid\u00e9 la premi\u00e8re Ann\u00e9e.<\/li>\n<li>Peut s\u2019inscrire en 3\u00e8me Ann\u00e9e du cycle d\u2019Ing\u00e9nieur (CING3), le candidat ayant valid\u00e9 la deuxi\u00e8me Ann\u00e9e.<\/li>\n<li>Un seul redoublement est autoris\u00e9 dans le cycle.<\/li>\n<\/ul>\n<figure id=\"attachment_3010\" aria-describedby=\"caption-attachment-3010\" style=\"width: 1143px\" class=\"wp-caption aligncenter\"><img loading=\"lazy\" decoding=\"async\" class=\"wp-image-3010 size-full\" src=\"https:\/\/www.uddm.edu.ne\/wp-content\/uploads\/2024\/07\/Cursus-Polytech.png\" alt=\"\" width=\"1143\" height=\"800\" srcset=\"https:\/\/www.uddm.edu.ne\/wp-content\/uploads\/2024\/07\/Cursus-Polytech.png 1143w, https:\/\/www.uddm.edu.ne\/wp-content\/uploads\/2024\/07\/Cursus-Polytech-300x210.png 300w, https:\/\/www.uddm.edu.ne\/wp-content\/uploads\/2024\/07\/Cursus-Polytech-1024x717.png 1024w, https:\/\/www.uddm.edu.ne\/wp-content\/uploads\/2024\/07\/Cursus-Polytech-768x538.png 768w\" sizes=\"auto, (max-width: 1143px) 100vw, 1143px\" \/><figcaption id=\"caption-attachment-3010\" class=\"wp-caption-text\"><strong>CURSUS, <em>POLYTECH Maradi<\/em><\/strong><\/figcaption><\/figure>\n<div class=\"su-accordion su-u-trim\"><div class=\"su-spoiler su-spoiler-style-default su-spoiler-icon-plus su-spoiler-closed\" data-scroll-offset=\"0\" data-anchor-in-url=\"no\"><div class=\"su-spoiler-title\" tabindex=\"0\" role=\"button\"><span class=\"su-spoiler-icon\"><\/span>Les partenaires de POLYTECH Maradi<\/div><div class=\"su-spoiler-content su-u-clearfix su-u-trim\">\n<ul>\n<li>NIGELEC<\/li>\n<li>SOMAIR<\/li>\n<li>DRDUL\/MI<\/li>\n<li>MIGAS<\/li>\n<li>SPEN<\/li>\n<li>SONICHAR<\/li>\n<li>SORAZ<\/li>\n<li>MANUTENTION AFRICAINE<\/li>\n<li>LNTP\/B<\/li>\n<li>EMIG<\/li>\n<li>ANPE<\/li>\n<li>EPAC-BENIN<\/li>\n<li>ETC.<\/li>\n<\/ul>\n<\/div><\/div><div class=\"su-spoiler su-spoiler-style-default su-spoiler-icon-plus su-spoiler-closed\" data-scroll-offset=\"0\" data-anchor-in-url=\"no\"><div class=\"su-spoiler-title\" tabindex=\"0\" role=\"button\"><span class=\"su-spoiler-icon\"><\/span>POLYTECH Maradi en chiffres<\/div><div class=\"su-spoiler-content su-u-clearfix su-u-trim\">\n<p>POLYTECH Maradi\u00a0compte en <strong>2021-2022<\/strong><\/p>\n<ul>\n<li>30 Enseignants Permanents<\/li>\n<li>19 Personnel Administratif et Technique (PAT)<\/li>\n<li>Plus de 700 \u00c9tudiants inscrits<\/li>\n<li>829 Dipl\u00f4m\u00e9s<\/li>\n<li>3 Ateliers \u00e9quip\u00e9s<\/li>\n<li>2 Salles Informatiques<\/li>\n<li>1 Salle de Dessin<\/li>\n<li>1 Biblioth\u00e8que<\/li>\n<\/ul>\n<\/div><\/div>\n<\/div><\/div><\/div>\n<div class=\"su-column su-column-size-1-3\"><div class=\"su-column-inner su-u-clearfix su-u-trim\"><div class=\"su-box su-box-style-default sidebar widget-area\" id=\"\" style=\"border-color:#054000;border-radius:5px;\"><div class=\"su-box-title\" style=\"background-color:#387323;color:#FFFFFF;border-top-left-radius:3px;border-top-right-radius:3px\">Le mot du Directeur<\/div><div class=\"su-box-content su-u-clearfix su-u-trim\" style=\"border-bottom-left-radius:3px;border-bottom-right-radius:3px\">\n<p style=\"line-height: 16px; text-align: center;\"><img decoding=\"async\" class=\"alignleft\" src=\"https:\/\/www.uddm.edu.ne\/wp-content\/uploads\/2024\/07\/Directeur-polytech22-1.jpg\" alt=\"Directeur POLYTECH\" \/><br \/>\n<span style=\"color: #333333; font-size: 8pt;\"><strong><span style=\"font-size: 10pt;\">Dr ALI Seibou<\/span><em><br \/>\n<\/em><\/strong><\/span><\/p>\n<p style=\"text-align: justify; line-height: 16px;\">Chers visiteurs, soyez la bienvenue sur le portail internet de l\u2019Ecole Sup\u00e9rieure Polytechnique de l\u2019Universit\u00e9 Dan Dicko Dankoulodo de Maradi en abr\u00e9g\u00e9 POLYTECH Maradi. <a href=\"https:\/\/www.uddm.edu.ne\/index.php\/mot-du-directeur-de-liut\/\">Lire la suite&#8230;<\/a><\/p>\n<\/div><\/div><div class=\"su-spacer\" style=\"height:20px\"><\/div><div class=\"su-box su-box-style-default sidebar widget-area\" id=\"\" style=\"border-color:#054000;border-radius:5px;\"><div class=\"su-box-title\" style=\"background-color:#387323;color:#FFFFFF;border-top-left-radius:3px;border-top-right-radius:3px\">Les actualit\u00e9s<\/div><div class=\"su-box-content su-u-clearfix su-u-trim\" style=\"border-bottom-left-radius:3px;border-bottom-right-radius:3px\"><div class=\"su-posts su-posts-default-loop\">\n<marquee onmousemove=\"stop();\" style=\"HEIGHT: 220px;margin-bottom:10px; \" onmouseout=\"start()\" scrollamount=\"2\" scrolldelay=\"100\" direction=\"up\">\n\t\n\t\t\n\t\t\t<div id=\"su-post-3918\" class=\"su-post\">\n\n\t\t\t\t\t\t\t\t\t<a class=\"su-post-thumbnail\" href=\"https:\/\/www.uddm.edu.ne\/index.php\/appel-a-candidatures-pour-les-bourses-de-doctorat-dans-le-cadre-du-projet-pisen-a-luddm\/\"><img loading=\"lazy\" decoding=\"async\" width=\"640\" height=\"320\" src=\"https:\/\/www.uddm.edu.ne\/wp-content\/uploads\/2025\/11\/WhatsApp-Image-2025-11-21-a-11.07.28_cb3c7681.jpg\" class=\"attachment-post-thumbnail size-post-thumbnail wp-post-image\" alt=\"\" srcset=\"https:\/\/www.uddm.edu.ne\/wp-content\/uploads\/2025\/11\/WhatsApp-Image-2025-11-21-a-11.07.28_cb3c7681.jpg 640w, https:\/\/www.uddm.edu.ne\/wp-content\/uploads\/2025\/11\/WhatsApp-Image-2025-11-21-a-11.07.28_cb3c7681-300x150.jpg 300w\" sizes=\"auto, (max-width: 640px) 100vw, 640px\" \/><\/a>\n\t\t\t\t\n\t\t\t\t<h2 class=\"su-post-title\"><a href=\"https:\/\/www.uddm.edu.ne\/index.php\/appel-a-candidatures-pour-les-bourses-de-doctorat-dans-le-cadre-du-projet-pisen-a-luddm\/\">Appel \u00e0 candidatures pour les bourses de doctorat dans le cadre du projet PISEN \u00e0 l&rsquo;UDDM<\/a><\/h2>\n\n\t\t\t\t<div class=\"su-post-meta\">\n\t\t\t\t\tPost&eacute; le: 21 novembre 2025\t\t\t\t<\/div>\n\n\t\t\t\t<div class=\"su-post-excerpt\">\n\t\t\t\t\t<p>Dans le cadre de la convention tripartite entre le Minist\u00e8re de l&rsquo;Environnement, de l&rsquo;Hydraulique et de l&rsquo;Assainissement (MEHA) , La <a class=\"more-link\" href=\"https:\/\/www.uddm.edu.ne\/index.php\/appel-a-candidatures-pour-les-bourses-de-doctorat-dans-le-cadre-du-projet-pisen-a-luddm\/\">Lire la suite&#8230; <span class=\"screen-reader-text\">  Appel \u00e0 candidatures pour les bourses de doctorat dans le cadre du projet PISEN \u00e0 l&rsquo;UDDM<\/span><span class=\"meta-nav\">&rarr;<\/span><\/a><\/p>\n\t\t\t\t<\/div>\n\n\t\t\t\t<a href=\"https:\/\/www.uddm.edu.ne\/index.php\/appel-a-candidatures-pour-les-bourses-de-doctorat-dans-le-cadre-du-projet-pisen-a-luddm\/#respond\" class=\"su-post-comments-link\">0 Commentaires<\/a>\n\n\t\t\t<\/div>\n\n\t\t\n\t\t\t<div id=\"su-post-3912\" class=\"su-post\">\n\n\t\t\t\t\t\t\t\t\t<a class=\"su-post-thumbnail\" href=\"https:\/\/www.uddm.edu.ne\/index.php\/autorisation-dinscription-en-these-de-doctorat-4\/\"><img loading=\"lazy\" decoding=\"async\" width=\"640\" height=\"320\" src=\"https:\/\/www.uddm.edu.ne\/wp-content\/uploads\/2025\/11\/WhatsApp-Image-2025-11-19-a-15.54.06_ed279673.jpg\" class=\"attachment-post-thumbnail size-post-thumbnail wp-post-image\" alt=\"\" srcset=\"https:\/\/www.uddm.edu.ne\/wp-content\/uploads\/2025\/11\/WhatsApp-Image-2025-11-19-a-15.54.06_ed279673.jpg 640w, https:\/\/www.uddm.edu.ne\/wp-content\/uploads\/2025\/11\/WhatsApp-Image-2025-11-19-a-15.54.06_ed279673-300x150.jpg 300w\" sizes=\"auto, (max-width: 640px) 100vw, 640px\" \/><\/a>\n\t\t\t\t\n\t\t\t\t<h2 class=\"su-post-title\"><a href=\"https:\/\/www.uddm.edu.ne\/index.php\/autorisation-dinscription-en-these-de-doctorat-4\/\">AUTORISATION D&rsquo;INSCRIPTION EN THESE DE DOCTORAT<\/a><\/h2>\n\n\t\t\t\t<div class=\"su-post-meta\">\n\t\t\t\t\tPost&eacute; le: 19 novembre 2025\t\t\t\t<\/div>\n\n\t\t\t\t<div class=\"su-post-excerpt\">\n\t\t\t\t\t<p>Les candidats dont la liste est annex\u00e9e sont autoris\u00e9s \u00e0 s&rsquo;inscrire en 1\u00e8re ann\u00e9e de Th\u00e8se de Doctorat \u00e0 l&rsquo;Universit\u00e9 <a class=\"more-link\" href=\"https:\/\/www.uddm.edu.ne\/index.php\/autorisation-dinscription-en-these-de-doctorat-4\/\">Lire la suite&#8230; <span class=\"screen-reader-text\">  AUTORISATION D&rsquo;INSCRIPTION EN THESE DE DOCTORAT<\/span><span class=\"meta-nav\">&rarr;<\/span><\/a><\/p>\n\t\t\t\t<\/div>\n\n\t\t\t\t<a href=\"https:\/\/www.uddm.edu.ne\/index.php\/autorisation-dinscription-en-these-de-doctorat-4\/#respond\" class=\"su-post-comments-link\">0 Commentaires<\/a>\n\n\t\t\t<\/div>\n\n\t\t\n\t\t\t<div id=\"su-post-3891\" class=\"su-post\">\n\n\t\t\t\t\t\t\t\t\t<a class=\"su-post-thumbnail\" href=\"https:\/\/www.uddm.edu.ne\/index.php\/reunion-de-travail-entre-administration-rectorale-et-responsables-des-differentes-entites-de-luddm\/\"><img loading=\"lazy\" decoding=\"async\" width=\"640\" height=\"320\" src=\"https:\/\/www.uddm.edu.ne\/wp-content\/uploads\/2025\/11\/IMG-20251117-WA0010.jpg\" class=\"attachment-post-thumbnail size-post-thumbnail wp-post-image\" alt=\"\" srcset=\"https:\/\/www.uddm.edu.ne\/wp-content\/uploads\/2025\/11\/IMG-20251117-WA0010.jpg 640w, https:\/\/www.uddm.edu.ne\/wp-content\/uploads\/2025\/11\/IMG-20251117-WA0010-300x150.jpg 300w\" sizes=\"auto, (max-width: 640px) 100vw, 640px\" \/><\/a>\n\t\t\t\t\n\t\t\t\t<h2 class=\"su-post-title\"><a href=\"https:\/\/www.uddm.edu.ne\/index.php\/reunion-de-travail-entre-administration-rectorale-et-responsables-des-differentes-entites-de-luddm\/\">R\u00e9union de travail entre administration Rectorale et responsables des diff\u00e9rentes entit\u00e9s de l&rsquo;UDDM<\/a><\/h2>\n\n\t\t\t\t<div class=\"su-post-meta\">\n\t\t\t\t\tPost&eacute; le: 17 novembre 2025\t\t\t\t<\/div>\n\n\t\t\t\t<div class=\"su-post-excerpt\">\n\t\t\t\t\t<p>Le Recteur de l&rsquo;UDDM, Pr ELH GOUNGA Mahamadou, a pr\u00e9sid\u00e9 une r\u00e9union de travail impliquant les responsables des d\u00e9canats, directions <a class=\"more-link\" href=\"https:\/\/www.uddm.edu.ne\/index.php\/reunion-de-travail-entre-administration-rectorale-et-responsables-des-differentes-entites-de-luddm\/\">Lire la suite&#8230; <span class=\"screen-reader-text\">  R\u00e9union de travail entre administration Rectorale et responsables des diff\u00e9rentes entit\u00e9s de l&rsquo;UDDM<\/span><span class=\"meta-nav\">&rarr;<\/span><\/a><\/p>\n\t\t\t\t<\/div>\n\n\t\t\t\t<a href=\"https:\/\/www.uddm.edu.ne\/index.php\/reunion-de-travail-entre-administration-rectorale-et-responsables-des-differentes-entites-de-luddm\/#respond\" class=\"su-post-comments-link\">0 Commentaires<\/a>\n\n\t\t\t<\/div>\n\n\t\t\n\t\t\t<div id=\"su-post-3867\" class=\"su-post\">\n\n\t\t\t\t\t\t\t\t\t<a class=\"su-post-thumbnail\" href=\"https:\/\/www.uddm.edu.ne\/index.php\/avis-de-depot-de-candidature-en-these-de-doctorat-a-luddm-2\/\"><img loading=\"lazy\" decoding=\"async\" width=\"640\" height=\"320\" src=\"https:\/\/www.uddm.edu.ne\/wp-content\/uploads\/2025\/11\/WhatsApp-Image-2025-11-09-a-20.33.43_b75bde97.jpg\" class=\"attachment-post-thumbnail size-post-thumbnail wp-post-image\" alt=\"\" srcset=\"https:\/\/www.uddm.edu.ne\/wp-content\/uploads\/2025\/11\/WhatsApp-Image-2025-11-09-a-20.33.43_b75bde97.jpg 640w, https:\/\/www.uddm.edu.ne\/wp-content\/uploads\/2025\/11\/WhatsApp-Image-2025-11-09-a-20.33.43_b75bde97-300x150.jpg 300w\" sizes=\"auto, (max-width: 640px) 100vw, 640px\" \/><\/a>\n\t\t\t\t\n\t\t\t\t<h2 class=\"su-post-title\"><a href=\"https:\/\/www.uddm.edu.ne\/index.php\/avis-de-depot-de-candidature-en-these-de-doctorat-a-luddm-2\/\">AVIS DE DEPOT DE CANDIDATURE EN THESE DE DOCTORAT A L&rsquo;UDDM<\/a><\/h2>\n\n\t\t\t\t<div class=\"su-post-meta\">\n\t\t\t\t\tPost&eacute; le: 9 novembre 2025\t\t\t\t<\/div>\n\n\t\t\t\t<div class=\"su-post-excerpt\">\n\t\t\t\t\t<p>Le Directeur de I&rsquo;Ecole Doctorale Sciences, Ing\u00e9nierie, Sant\u00e9 et Environnement (ED-SISE) de l&rsquo;Universit\u00e9 Dan Dicko Dankoulodo de Maradi porte \u00e0 <a class=\"more-link\" href=\"https:\/\/www.uddm.edu.ne\/index.php\/avis-de-depot-de-candidature-en-these-de-doctorat-a-luddm-2\/\">Lire la suite&#8230; <span class=\"screen-reader-text\">  AVIS DE DEPOT DE CANDIDATURE EN THESE DE DOCTORAT A L&rsquo;UDDM<\/span><span class=\"meta-nav\">&rarr;<\/span><\/a><\/p>\n\t\t\t\t<\/div>\n\n\t\t\t\t<a href=\"https:\/\/www.uddm.edu.ne\/index.php\/avis-de-depot-de-candidature-en-these-de-doctorat-a-luddm-2\/#respond\" class=\"su-post-comments-link\">0 Commentaires<\/a>\n\n\t\t\t<\/div>\n\n\t\t\n\t\t\t<div id=\"su-post-3852\" class=\"su-post\">\n\n\t\t\t\t\t\t\t\t\t<a class=\"su-post-thumbnail\" href=\"https:\/\/www.uddm.edu.ne\/index.php\/panel-de-conferences-et-depistage-de-cancer-du-sein-a-luniversite-dan-dicko-dan-koulodo-de-maradi-organises-par-la-delegation-generale-des-etudiants-de-la-faculte-des-sciences-de-la-sante-fs\/\"><img loading=\"lazy\" decoding=\"async\" width=\"640\" height=\"320\" src=\"https:\/\/www.uddm.edu.ne\/wp-content\/uploads\/2025\/10\/IMG-20251028-WA0005.jpg\" class=\"attachment-post-thumbnail size-post-thumbnail wp-post-image\" alt=\"\" srcset=\"https:\/\/www.uddm.edu.ne\/wp-content\/uploads\/2025\/10\/IMG-20251028-WA0005.jpg 640w, https:\/\/www.uddm.edu.ne\/wp-content\/uploads\/2025\/10\/IMG-20251028-WA0005-300x150.jpg 300w\" sizes=\"auto, (max-width: 640px) 100vw, 640px\" \/><\/a>\n\t\t\t\t\n\t\t\t\t<h2 class=\"su-post-title\"><a href=\"https:\/\/www.uddm.edu.ne\/index.php\/panel-de-conferences-et-depistage-de-cancer-du-sein-a-luniversite-dan-dicko-dan-koulodo-de-maradi-organises-par-la-delegation-generale-des-etudiants-de-la-faculte-des-sciences-de-la-sante-fs\/\">Panel de Conf\u00e9rences et D\u00e9pistage de Cancer du Sein \u00e0 l\u2019Universit\u00e9 Dan Dicko Dan Koulodo de Maradi organis\u00e9s par la d\u00e9l\u00e9gation g\u00e9n\u00e9rale des \u00e9tudiants de la Facult\u00e9 des Sciences de la Sant\u00e9 (FSS) de l&rsquo;UDDM.<\/a><\/h2>\n\n\t\t\t\t<div class=\"su-post-meta\">\n\t\t\t\t\tPost&eacute; le: 28 octobre 2025\t\t\t\t<\/div>\n\n\t\t\t\t<div class=\"su-post-excerpt\">\n\t\t\t\t\t<p>Maradi, les 25 et 26 octobre 2025. Le mois d&rsquo;octobre est connu dans le monde entier comme le mois de <a class=\"more-link\" href=\"https:\/\/www.uddm.edu.ne\/index.php\/panel-de-conferences-et-depistage-de-cancer-du-sein-a-luniversite-dan-dicko-dan-koulodo-de-maradi-organises-par-la-delegation-generale-des-etudiants-de-la-faculte-des-sciences-de-la-sante-fs\/\">Lire la suite&#8230; <span class=\"screen-reader-text\">  Panel de Conf\u00e9rences et D\u00e9pistage de Cancer du Sein \u00e0 l\u2019Universit\u00e9 Dan Dicko Dan Koulodo de Maradi organis\u00e9s par la d\u00e9l\u00e9gation g\u00e9n\u00e9rale des \u00e9tudiants de la Facult\u00e9 des Sciences de la Sant\u00e9 (FSS) de l&rsquo;UDDM.<\/span><span class=\"meta-nav\">&rarr;<\/span><\/a><\/p>\n\t\t\t\t<\/div>\n\n\t\t\t\t<a href=\"https:\/\/www.uddm.edu.ne\/index.php\/panel-de-conferences-et-depistage-de-cancer-du-sein-a-luniversite-dan-dicko-dan-koulodo-de-maradi-organises-par-la-delegation-generale-des-etudiants-de-la-faculte-des-sciences-de-la-sante-fs\/#respond\" class=\"su-post-comments-link\">0 Commentaires<\/a>\n\n\t\t\t<\/div>\n\n\t\t\n\t<\/marquee>\n<\/div>\n<\/div><\/div><div class=\"su-spacer\" style=\"height:20px\"><\/div><div class=\"su-box su-box-style-default sidebar widget-area\" id=\"\" style=\"border-color:#054000;border-radius:5px;\"><div class=\"su-box-title\" style=\"background-color:#387323;color:#FFFFFF;border-top-left-radius:3px;border-top-right-radius:3px\">Galerie photo<\/div><div class=\"su-box-content su-u-clearfix su-u-trim\" style=\"border-bottom-left-radius:3px;border-bottom-right-radius:3px\"><div id=\"su_slider_69f367509f245\" class=\"su-slider su-slider-centered su-slider-pages-no su-slider-responsive-yes\" style=\"width:100%\" data-autoplay=\"3000\" data-speed=\"600\" data-mousewheel=\"true\"><div class=\"su-slider-slides\"><div class=\"su-slider-slide\"><a><img decoding=\"async\" src=\"https:\/\/www.uddm.edu.ne\/wp-content\/uploads\/2022\/03\/iut-galerie4-600x300.jpg\" alt=\"iut-galerie4\" \/><\/a><\/div><div class=\"su-slider-slide\"><a><img decoding=\"async\" src=\"https:\/\/www.uddm.edu.ne\/wp-content\/uploads\/2022\/03\/iut-galerie1-600x300.jpg\" alt=\"iut-galerie1\" \/><\/a><\/div><div class=\"su-slider-slide\"><a><img decoding=\"async\" src=\"https:\/\/www.uddm.edu.ne\/wp-content\/uploads\/2022\/03\/iut-galerie2-600x300.jpg\" alt=\"iut-galerie2\" \/><\/a><\/div><div class=\"su-slider-slide\"><a><img decoding=\"async\" src=\"https:\/\/www.uddm.edu.ne\/wp-content\/uploads\/2022\/03\/iut-galerie3-600x300.jpg\" alt=\"iut-galerie3\" \/><\/a><\/div><\/div><div class=\"su-slider-nav\"><div class=\"su-slider-direction\"><span class=\"su-slider-prev\"><\/span><span class=\"su-slider-next\"><\/span><\/div><div class=\"su-slider-pagination\"><\/div><\/div><\/div>\n<\/div><\/div><\/div><\/div><\/div>\n","protected":false},"excerpt":{"rendered":"","protected":false},"author":1,"featured_media":0,"parent":0,"menu_order":0,"comment_status":"closed","ping_status":"closed","template":"page-fullwidth.php","meta":{"footnotes":""},"class_list":["post-503","page","type-page","status-publish","hentry"],"_links":{"self":[{"href":"https:\/\/www.uddm.edu.ne\/index.php\/wp-json\/wp\/v2\/pages\/503","targetHints":{"allow":["GET"]}}],"collection":[{"href":"https:\/\/www.uddm.edu.ne\/index.php\/wp-json\/wp\/v2\/pages"}],"about":[{"href":"https:\/\/www.uddm.edu.ne\/index.php\/wp-json\/wp\/v2\/types\/page"}],"author":[{"embeddable":true,"href":"https:\/\/www.uddm.edu.ne\/index.php\/wp-json\/wp\/v2\/users\/1"}],"replies":[{"embeddable":true,"href":"https:\/\/www.uddm.edu.ne\/index.php\/wp-json\/wp\/v2\/comments?post=503"}],"version-history":[{"count":42,"href":"https:\/\/www.uddm.edu.ne\/index.php\/wp-json\/wp\/v2\/pages\/503\/revisions"}],"predecessor-version":[{"id":3320,"href":"https:\/\/www.uddm.edu.ne\/index.php\/wp-json\/wp\/v2\/pages\/503\/revisions\/3320"}],"wp:attachment":[{"href":"https:\/\/www.uddm.edu.ne\/index.php\/wp-json\/wp\/v2\/media?parent=503"}],"curies":[{"name":"wp","href":"https:\/\/api.w.org\/{rel}","templated":true}]}}